{"id":586,"date":"2024-09-03T15:47:20","date_gmt":"2024-09-03T13:47:20","guid":{"rendered":"https:\/\/lbs.dk\/cnvshf\/?page_id=586"},"modified":"2026-03-02T12:03:57","modified_gmt":"2026-03-02T11:03:57","slug":"designers","status":"publish","type":"page","link":"https:\/\/canvashifi.com\/es\/designers\/","title":{"rendered":"Dise\u00f1o"},"content":{"rendered":"<section class=\"ct-section\">\n\t\t<style>\n\t\t@media (min-width:992px) {\n\t\t\t#le_textmedia_wrapper-block_361e17c15b13ffa41da32310043012b0 .le_textmedia_last {\n\t\t\t\tgrid-column: span 6;\n\t\t\t\tdisplay:flex;\n\t\t\t\talign-items:center;\n\t\t\t}\n\t\t\t#le_textmedia_wrapper-block_361e17c15b13ffa41da32310043012b0 .le_textmedia_first {\n\t\t\t\tgrid-column: span 6;\n\t\t\t}\n\t\t}\n\t<\/style>\n\t\t<div class=\"ct-section-inner-wrap\">\n\t\t<div id=\"le_textmedia_wrapper-block_361e17c15b13ffa41da32310043012b0\" class=\"le_section le_textmedia le_textmedia-img\">\n\t\t\t<div class=\"le_textmedia_first\">\n\t\t\t\t\t<h3>Dise\u00f1o dan\u00e9s<\/h3>\n<p>La idea fundamental del dise\u00f1o de CANVAS es crear un espacio vital armonioso y funcional que celebre la sencillez, los elementos naturales y el minimalismo sin comprometer el sonido. Esta filosof\u00eda de dise\u00f1o hace hincapi\u00e9 en las l\u00edneas limpias, una paleta de colores neutros y el uso de materiales naturales como la madera y los tejidos inspirados en la naturaleza.<\/p>\n<p>La expresi\u00f3n de inspiraci\u00f3n n\u00f3rdica tambi\u00e9n da prioridad a la funcionalidad y el sentido pr\u00e1ctico, centr\u00e1ndose en crear ambientes c\u00f3modos y acogedores que abracen el concepto de \"hygge\".\" En general, el dise\u00f1o n\u00f3rdico busca el equilibrio entre est\u00e9tica y funcionalidad, fomentando al mismo tiempo una sensaci\u00f3n de tranquilidad y bienestar en el hogar.<\/p>\n<p>Despu\u00e9s de que nuestro equipo de frikis del sonido creara el sonido perfecto, un equipo de frikis del interiorismo se encarg\u00f3 de dise\u00f1ar los marcos perfectos bas\u00e1ndose en el dise\u00f1o cl\u00e1sico dan\u00e9s.<\/p>\n\t\t\t<\/div>\n\t\t\t<div class=\"le_textmedia_last medie-left round\">\n\t\t\t\t\t\t\t\t\t<img decoding=\"async\" src=\"https:\/\/6kutttnx.photoncache.com\/wp-content\/uploads\/sites\/5\/2024\/09\/designcanvas21-1024x1024.jpg\" alt=\"\" \/>\n\t\t\t\t\t\t\t<\/div>\n\t\t<\/div>\n\t\t<\/div>\n\t<\/section>\n\t\n\n\t<section class=\"ct-section\">\n\t\t<style>\n\t\t@media (min-width:992px) {\n\t\t\t#le_textmedia_wrapper-block_f611a1fc5ea450653978c281940316d6 .le_textmedia_last {\n\t\t\t\tgrid-column: span 6;\n\t\t\t\tdisplay:flex;\n\t\t\t\talign-items:center;\n\t\t\t}\n\t\t\t#le_textmedia_wrapper-block_f611a1fc5ea450653978c281940316d6 .le_textmedia_first {\n\t\t\t\tgrid-column: span 6;\n\t\t\t}\n\t\t}\n\t<\/style>\n\t\t<div class=\"ct-section-inner-wrap\">\n\t\t<div id=\"le_textmedia_wrapper-block_f611a1fc5ea450653978c281940316d6\" class=\"le_section le_textmedia le_textmedia-img\">\n\t\t\t<div class=\"le_textmedia_first\">\n\t\t\t\t\t<h3>Anne Fabricius M\u00f8ller<\/h3>\n<p>El extraordinario talento de Anne ha obtenido reconocimiento en todo el mundo. Es un respetado miembro del Octo Gruppe, que ha presentado su obra en exposiciones por todo el mundo. M\u00e1s all\u00e1 de las exposiciones, su arte adorna el Museo Dan\u00e9s de Arte y Dise\u00f1o y la apreciada Galer\u00eda Drud &amp; K\u00f8ppe de Copenhague.<\/p>\n<p>Premios, como el de la Bienal, y becas, incluida la ayuda de la Fundaci\u00f3n Estatal Danesa de Arte, celebran las excepcionales capacidades de Anne. Su repercusi\u00f3n va m\u00e1s all\u00e1 de los elogios, y se plasma en estos prestigiosos reconocimientos.<\/p>\n<p>La influencia de Anne no se limita a las galer\u00edas; forma parte permanente de las instituciones art\u00edsticas. Su trayectoria refleja una dedicaci\u00f3n inquebrantable, dejando una huella indeleble en la escena art\u00edstica internacional.<\/p>\n\t\t\t<\/div>\n\t\t\t<div class=\"le_textmedia_last medie-right round\">\n\t\t\t\t\t\t\t\t\t<img decoding=\"async\" src=\"https:\/\/6kutttnx.photoncache.com\/wp-content\/uploads\/sites\/5\/2024\/09\/anne1500x15001.jpg\" alt=\"\" \/>\n\t\t\t\t\t\t\t<\/div>\n\t\t<\/div>\n\t\t<\/div>\n\t<\/section>\n\t\n\n\t<section class=\"ct-section\">\n\t\t<style>\n\t\t@media (min-width:992px) {\n\t\t\t#le_textmedia_wrapper-block_34b8bf1290c6326f3d97560581d23e10 .le_textmedia_last {\n\t\t\t\tgrid-column: span 6;\n\t\t\t\tdisplay:flex;\n\t\t\t\talign-items:center;\n\t\t\t}\n\t\t\t#le_textmedia_wrapper-block_34b8bf1290c6326f3d97560581d23e10 .le_textmedia_first {\n\t\t\t\tgrid-column: span 6;\n\t\t\t}\n\t\t}\n\t<\/style>\n\t\t<div class=\"ct-section-inner-wrap\">\n\t\t<div id=\"le_textmedia_wrapper-block_34b8bf1290c6326f3d97560581d23e10\" class=\"le_section le_textmedia le_textmedia-img\">\n\t\t\t<div class=\"le_textmedia_first\">\n\t\t\t\t\t<h3>Dise\u00f1os de Anne<\/h3>\n<p>Anne Fabricius M\u00f8ller, conocida por sus impresionantes dise\u00f1os textiles, aporta su toque creativo a los altavoces CANVAS HiFi, a\u00f1adiendo un encanto visual a la experiencia auditiva. Los colores\u00a0<a title=\"https:\/\/www.canvashifi.com\/products\/canvas-65?variant=47041698464052\" href=\"\/es\/product\/canvas-65-burnt-umber\/\">Burnt Umber<\/a>,\u00a0<a title=\"https:\/\/www.canvashifi.com\/products\/canvas-65?variant=47041698398516\" href=\"\/es\/product\/canvas-65-light-green\/\">Light Green<\/a>,\u00a0<a title=\"https:\/\/www.canvashifi.com\/products\/canvas-65?variant=47041698496820\" href=\"\/es\/product\/canvas-65-organic-green\/\">Organic Green<\/a>\u00a0, todos ellos producidos por Kvadrat, reflejan su toque \u00fanico, combinando a la perfecci\u00f3n estilo y practicidad.<\/p>\n<p>Estos altavoces no son s\u00f3lo sonido; son un lienzo para el arte de Anne. Mientras escuchas, sus dise\u00f1os crean una atm\u00f3sfera visualmente agradable, realzando cada momento auditivo. Es una mezcla sencilla pero perfecta de arte y funcionalidad, que transforma nuestra forma de disfrutar de la m\u00fasica.<\/p>\n<p>La colaboraci\u00f3n de Anne Fabricius M\u00f8ller con CANVAS HiFi celebra la sencillez y la creatividad. Cada color y motivo cuenta una historia modesta pero encantadora, que realza tanto los altavoces como el placer de escuchar. Prep\u00e1rese para la magia del sonido y el dise\u00f1o.<\/p>\n\t\t\t\t\t\t\t<a href=\"\/es\/products\/\" class=\"le_btn le_btn_trans_b\">Explore nuestros dise\u00f1os frontales<\/a>\n\t\t\t\t\t\t\t\t\t<\/div>\n\t\t\t<div class=\"le_textmedia_last medie-left round\">\n\t\t\t\t\t\t\t\t\t<img decoding=\"async\" src=\"https:\/\/6kutttnx.photoncache.com\/wp-content\/uploads\/sites\/5\/2024\/09\/annefront21-1024x1024.jpg\" alt=\"\" \/>\n\t\t\t\t\t\t\t<\/div>\n\t\t<\/div>\n\t\t<\/div>\n\t<\/section>\n\t\n\n\t<section class=\"ct-section\">\n\t\t<style>\n\t\t@media (min-width:992px) {\n\t\t\t#le_textmedia_wrapper-block_c395bd499e61482547a650fc4a41f34e .le_textmedia_last {\n\t\t\t\tgrid-column: span 6;\n\t\t\t\tdisplay:flex;\n\t\t\t\talign-items:center;\n\t\t\t}\n\t\t\t#le_textmedia_wrapper-block_c395bd499e61482547a650fc4a41f34e .le_textmedia_first {\n\t\t\t\tgrid-column: span 6;\n\t\t\t}\n\t\t}\n\t<\/style>\n\t\t<div class=\"ct-section-inner-wrap\">\n\t\t<div id=\"le_textmedia_wrapper-block_c395bd499e61482547a650fc4a41f34e\" class=\"le_section le_textmedia le_textmedia-img\">\n\t\t\t<div class=\"le_textmedia_first\">\n\t\t\t\t\t<h3>Cristian Zuzunaga<\/h3>\n<p>La aventura del dise\u00f1o de Cristian Zuzunaga comenz\u00f3 con estudios de Tipograf\u00eda y Dise\u00f1o Gr\u00e1fico en el London College of Communication y el Royal College of Art de Londres. Actualmente se mueve entre las animadas escenas culturales de Barcelona y Londres, encontrando inspiraci\u00f3n en el intrincado tejido de la vida moderna y las armon\u00edas arquitect\u00f3nicas de las ciudades globales.<\/p>\n<p>En un mundo donde las fronteras se desvanecen y la creatividad no conoce l\u00edmites, Cristian Zuzunaga asume un papel protagonista, mezclando a la perfecci\u00f3n arte, moda y dise\u00f1o en un brebaje creativo. Esta fusi\u00f3n no s\u00f3lo modifica nuestra forma de ver las cosas, sino tambi\u00e9n de sentirlas y tocarlas, redefiniendo la esencia de nuestro tiempo.<\/p>\n<p>El viaje creativo de Zuzunaga refleja el flujo y reflujo entre estas dos ciudades, capturando y reflejando el esp\u00edritu \u00fanico de cada una. En un mundo que evoluciona m\u00e1s all\u00e1 de las limitaciones, la proeza creativa de Zuzunaga se mantiene en pie, encarnando el esp\u00edritu desenfrenado de la creatividad contempor\u00e1nea.<\/p>\n\t\t\t<\/div>\n\t\t\t<div class=\"le_textmedia_last medie-right round\">\n\t\t\t\t\t\t\t\t\t<img decoding=\"async\" src=\"https:\/\/6kutttnx.photoncache.com\/wp-content\/uploads\/sites\/5\/2024\/09\/christian1500x15001-1024x1024.jpg\" alt=\"\" \/>\n\t\t\t\t\t\t\t<\/div>\n\t\t<\/div>\n\t\t<\/div>\n\t<\/section>\n\t\n\n\t<section class=\"ct-section\">\n\t\t<style>\n\t\t@media (min-width:992px) {\n\t\t\t#le_textmedia_wrapper-block_1feb7b34d007ab7a1a49f756736ecd2e .le_textmedia_last {\n\t\t\t\tgrid-column: span 6;\n\t\t\t\tdisplay:flex;\n\t\t\t\talign-items:center;\n\t\t\t}\n\t\t\t#le_textmedia_wrapper-block_1feb7b34d007ab7a1a49f756736ecd2e .le_textmedia_first {\n\t\t\t\tgrid-column: span 6;\n\t\t\t}\n\t\t}\n\t<\/style>\n\t\t<div class=\"ct-section-inner-wrap\">\n\t\t<div id=\"le_textmedia_wrapper-block_1feb7b34d007ab7a1a49f756736ecd2e\" class=\"le_section le_textmedia le_textmedia-img\">\n\t\t\t<div class=\"le_textmedia_first\">\n\t\t\t\t\t<h3>Dise\u00f1os de Zuzunaga<\/h3>\n<p>Seleccionando entre la variada gama de dise\u00f1os textiles de Cristian, tendr\u00e1 la oportunidad de personalizar su CANVAS HiFi, reflejando una expresi\u00f3n que complemente a la perfecci\u00f3n su estilo personal y su dise\u00f1o interior. Ya sea en el llamativo\u00a0<a title=\"https:\/\/www.canvashifi.com\/products\/canvas-65?variant=47041698300212\" href=\"\/es\/product\/canvas-65-structure-grey\/\">Structure Grey<\/a>, los acogedores tonos de\u00a0<a title=\"https:\/\/www.canvashifi.com\/products\/canvas-65?variant=47041698365748\" href=\"\/es\/product\/canvas-65-ocean-grey\/\">Ocean Grey<\/a>,\u00a0<a title=\"https:\/\/www.canvashifi.com\/products\/canvas-65?variant=47041698332980\" href=\"\/es\/product\/canvas-65-dark-blue\/\">Dark Blue<\/a>,\u00a0<a title=\"https:\/\/www.canvashifi.com\/products\/canvas-65?variant=47041698431284\" href=\"\/es\/product\/canvas-65-umber\/\">Umber<\/a>\u00a0o el tranquilo\u00a0<a title=\"https:\/\/www.canvashifi.com\/products\/canvas-65?variant=47041698529588\" href=\"\/es\/product\/canvas-65-milled-ochre\/\">Milled Ochre<\/a>, cada dise\u00f1o, meticulosamente elaborado por Cristian Zuzunaga y producido por Kvadrat, imparte un toque distintivo a su espacio. Convierta su LIENZO en una obra maestra personalizada que no s\u00f3lo cautive visualmente, sino que tambi\u00e9n combine sin esfuerzo con sus gustos espec\u00edficos y la decoraci\u00f3n de su hogar, creando un ambiente armonioso.<\/p>\n<p>Explora el arte de la personalizaci\u00f3n, permitiendo que tu CANVAS se convierta en una pieza \u00fanica, un testimonio de tu individualidad en el \u00e1mbito del dise\u00f1o y la expresi\u00f3n personal.<\/p>\n\t\t\t\t\t\t\t<a href=\"\/es\/products\/\" class=\"le_btn le_btn_trans_b\">Explore nuestros dise\u00f1os frontales<\/a>\n\t\t\t\t\t\t\t\t\t<\/div>\n\t\t\t<div class=\"le_textmedia_last medie-left round\">\n\t\t\t\t\t\t\t\t\t<img decoding=\"async\" src=\"https:\/\/6kutttnx.photoncache.com\/wp-content\/uploads\/sites\/5\/2024\/09\/christianfronte1-1024x1024.jpg\" alt=\"\" \/>\n\t\t\t\t\t\t\t<\/div>\n\t\t<\/div>\n\t\t<\/div>\n\t<\/section>\n\t\n\n\t<section class=\"ct-section\">\n\t\t<style>\n\t\t@media (min-width:992px) {\n\t\t\t#le_textmedia_wrapper-block_437cc71a19157c85c87648fdeda838b6 .le_textmedia_last {\n\t\t\t\tgrid-column: span 6;\n\t\t\t\tdisplay:flex;\n\t\t\t\talign-items:center;\n\t\t\t}\n\t\t\t#le_textmedia_wrapper-block_437cc71a19157c85c87648fdeda838b6 .le_textmedia_first {\n\t\t\t\tgrid-column: span 6;\n\t\t\t}\n\t\t}\n\t<\/style>\n\t\t<div class=\"ct-section-inner-wrap\">\n\t\t<div id=\"le_textmedia_wrapper-block_437cc71a19157c85c87648fdeda838b6\" class=\"le_section le_textmedia le_textmedia-img\">\n\t\t\t<div class=\"le_textmedia_first\">\n\t\t\t\t\t<h3>Susanne Helberg<\/h3>\n<p>En su papel de dise\u00f1adora de interiores, Susanne ha pasado numerosos a\u00f1os relacion\u00e1ndose con casi todos los cl\u00e1sicos del dise\u00f1o dan\u00e9s en el \u00e1mbito del arte del mueble. Aprovechando su amplia experiencia, ha desempe\u00f1ado un papel fundamental en la configuraci\u00f3n del dise\u00f1o final de CANVAS. Esto abarca detalles intrincados de forma, selecci\u00f3n de materiales, variantes de color y funcionalidad pr\u00e1ctica, que culminan en una soluci\u00f3n \u00fanica que ha redefinido la integraci\u00f3n del sonido Hi-Fi real en el \u00e1mbito del buen dise\u00f1o de interiores.<\/p>\n<p>El resultado ha tenido tanto \u00e9xito que la noci\u00f3n de amueblar una casa con aut\u00e9ntico Hi-Fi de alta calidad ha pasado de ser una necesidad visual a convertirse en un elemento transformador que realza realmente la est\u00e9tica general. Los conocimientos de Susanne no s\u00f3lo han elevado la experiencia auditiva, sino que tambi\u00e9n la han integrado a la perfecci\u00f3n en el tapiz visual del dise\u00f1o de interiores, mostrando c\u00f3mo unas meticulosas elecciones de dise\u00f1o pueden revolucionar la intersecci\u00f3n entre tecnolog\u00eda y est\u00e9tica.<\/p>\n\t\t\t<\/div>\n\t\t\t<div class=\"le_textmedia_last medie-right round\">\n\t\t\t\t\t\t\t\t\t<img decoding=\"async\" src=\"https:\/\/6kutttnx.photoncache.com\/wp-content\/uploads\/sites\/5\/2024\/09\/Susanne1500x15001-1024x1024.jpg\" alt=\"\" \/>\n\t\t\t\t\t\t\t<\/div>\n\t\t<\/div>\n\t\t<\/div>\n\t<\/section>\n\t\n\n\t<section class=\"ct-section\">\n\t\t<style>\n\t\t@media (min-width:992px) {\n\t\t\t#le_textmedia_wrapper-block_273a3f72e9a02ee3da9e3be3946d892c .le_textmedia_last {\n\t\t\t\tgrid-column: span 6;\n\t\t\t\tdisplay:flex;\n\t\t\t\talign-items:center;\n\t\t\t}\n\t\t\t#le_textmedia_wrapper-block_273a3f72e9a02ee3da9e3be3946d892c .le_textmedia_first {\n\t\t\t\tgrid-column: span 6;\n\t\t\t}\n\t\t}\n\t<\/style>\n\t\t<div class=\"ct-section-inner-wrap\">\n\t\t<div id=\"le_textmedia_wrapper-block_273a3f72e9a02ee3da9e3be3946d892c\" class=\"le_section le_textmedia le_textmedia-img\">\n\t\t\t<div class=\"le_textmedia_first\">\n\t\t\t\t\t<h3>Dise\u00f1os de Helberg<\/h3>\n<p>La esencia de CANVAS est\u00e1 definida por unos materiales cuidadosamente seleccionados, entre los que se incluyen telas de la prestigiosa marca danesa Kvadrat y frentes de madera fabricados por artesanos daneses. La variada paleta de colores, con\u00a0<a title=\"https:\/\/www.canvashifi.com\/products\/canvas-65?variant=47041698562356\" href=\"\/es\/product\/canvas-65-light-oak\/\">Light Oak<\/a>,\u00a0<a title=\"https:\/\/www.canvashifi.com\/products\/canvas-65?variant=47302688014644\" href=\"\/es\/product\/canvas-65-walnut\/\">Walnut<\/a>\u00a0y\u00a0<a title=\"https:\/\/www.canvashifi.com\/products\/canvas-65?variant=47041698595124\" href=\"\/es\/product\/canvas-65-mahogany\/\">Mahogany<\/a>, refleja el meticuloso dise\u00f1o de Susanne Helberg. Este cuidadoso enfoque no s\u00f3lo garantiza una integraci\u00f3n perfecta en su dise\u00f1o interior actual, sino que tambi\u00e9n proporciona la flexibilidad necesaria para transformar la est\u00e9tica en caso de que decida cambiar de estilo.<\/p>\n<p>La colaboraci\u00f3n con Kvadrat significa un compromiso con la calidad y un gui\u00f1o a la artesan\u00eda danesa. La inclusi\u00f3n de artesanos locales a\u00f1ade adem\u00e1s un toque de autenticidad a cada pieza, haciendo de CANVAS no s\u00f3lo un altavoz, sino una armoniosa mezcla de dise\u00f1o y arte. Adopte la versatilidad del color y los materiales, sabiendo que su CANVAS no es s\u00f3lo un reflejo de su estilo actual, sino un lienzo para futuras transformaciones, permitiendo que su espacio evolucione con sus preferencias de dise\u00f1o a lo largo del tiempo.<\/p>\n\t\t\t\t\t\t\t<a href=\"\/es\/products\/\" class=\"le_btn le_btn_trans_b\">Explore nuestros dise\u00f1os frontales<\/a>\n\t\t\t\t\t\t\t\t\t<\/div>\n\t\t\t<div class=\"le_textmedia_last medie-left round\">\n\t\t\t\t\t\t\t\t\t<img decoding=\"async\" src=\"https:\/\/6kutttnx.photoncache.com\/wp-content\/uploads\/sites\/5\/2024\/09\/egwrhtjehwr1.jpg\" alt=\"\" \/>\n\t\t\t\t\t\t\t<\/div>\n\t\t<\/div>\n\t\t<\/div>\n\t<\/section>\n\t\n\n\t<section class=\"ct-section\">\n\t\t<style>\n\t\t@media (min-width:992px) {\n\t\t\t#le_textmedia_wrapper-block_c29818436f363617da343da98e460634 .le_textmedia_last {\n\t\t\t\tgrid-column: span 6;\n\t\t\t\tdisplay:flex;\n\t\t\t\talign-items:center;\n\t\t\t}\n\t\t\t#le_textmedia_wrapper-block_c29818436f363617da343da98e460634 .le_textmedia_first {\n\t\t\t\tgrid-column: span 6;\n\t\t\t}\n\t\t}\n\t<\/style>\n\t\t<div class=\"ct-section-inner-wrap\">\n\t\t<div id=\"le_textmedia_wrapper-block_c29818436f363617da343da98e460634\" class=\"le_section le_textmedia le_textmedia-video\">\n\t\t\t<div class=\"le_textmedia_first\">\n\t\t\t\t\t<h3>Tambi\u00e9n hermosa por detr\u00e1s<\/h3>\n<p>El soporte de TV universal CANVAS es la personificaci\u00f3n del dise\u00f1o elegante y pr\u00e1ctico. Diga adi\u00f3s al antiest\u00e9tico l\u00edo de cajas y cables que suele plagar las instalaciones de entretenimiento.<\/p>\n<p>Este innovador soporte est\u00e1 fabricado con un espacio oculto inteligentemente integrado detr\u00e1s de la pantalla, proporcionando una soluci\u00f3n discreta para guardar aparatos electr\u00f3nicos, cables y enchufes. Ya no tendr\u00e1 que tolerar el caos de los cables enredados ni los espacios desordenados detr\u00e1s del televisor.<\/p>\n<p>Con CANVAS, su sistema de entretenimiento irradia elegancia y orden. Disfrute de una experiencia visual perfecta sin renunciar a la est\u00e9tica. Transforme su espacio vital en un para\u00edso de sencillez y sofisticaci\u00f3n con el soporte de TV universal CANVAS, porque \u00bfqui\u00e9n no apreciar\u00eda un entorno libre de desorden? Mejore su sistema de entretenimiento en casa con esta soluci\u00f3n cuidadosamente dise\u00f1ada, donde la forma se combina con la funci\u00f3n sin esfuerzo.<\/p>\n\t\t\t\t\t\t\t<a href=\"\/es\/products\/\" class=\"le_btn le_btn_trans_b\">Explorar CANVAS HiFi<\/a>\n\t\t\t\t\t\t\t\t\t<\/div>\n\t\t\t<div class=\"le_textmedia_last medie-right round\">\n\t\t\t\t\t\t\t\t\t<div class=\"le_videogrid autoplay muted playsinline loop\">\n\t\t\t\t\t\t<div class=\"le_videogrid_video_outer\" data-video=\"v715228f7\">\n\t\t\t\t\t\t\t<video class=\"plyr videogrid_video\" data-poster=\"\" autoplay muted playsinline loop controlslist=\"nodownload noplaybackrate nopictureinpicture\" disablepictureinpicture preload=\"none\">\n\t\t\t\t\t\t\t\t<source src=\"https:\/\/6kutttnx.photoncache.com\/wp-content\/uploads\/sites\/5\/2024\/09\/75105554c3c946a4bf9a719932d967d1.HD-1080p-4.8Mbps-22498370.mp4\" type=\"video\/mp4\">\n\t\t\t\t\t\t\t<\/video>\n\t\t\t\t\t\t<\/div>\n\t\t\t\t\t<\/div>\n\t\t\t\t\t\t\t<\/div>\n\t\t<\/div>\n\t\t<\/div>\n\t<\/section>\n\t\n\n\t<section class=\"ct-section\">\n\t\t<style>\n\t\t@media (min-width:992px) {\n\t\t\t#le_textmedia_wrapper-block_06102a06c3a69f9402f90b63fc85fb9f .le_textmedia_last {\n\t\t\t\tgrid-column: span 6;\n\t\t\t\tdisplay:flex;\n\t\t\t\talign-items:center;\n\t\t\t}\n\t\t\t#le_textmedia_wrapper-block_06102a06c3a69f9402f90b63fc85fb9f .le_textmedia_first {\n\t\t\t\tgrid-column: span 6;\n\t\t\t}\n\t\t}\n\t<\/style>\n\t\t<div class=\"ct-section-inner-wrap\">\n\t\t<div id=\"le_textmedia_wrapper-block_06102a06c3a69f9402f90b63fc85fb9f\" class=\"le_section le_textmedia le_textmedia-img\">\n\t\t\t<div class=\"le_textmedia_first\">\n\t\t\t\t\t<h3>Dise\u00f1o preparado para el futuro<\/h3>\n<p>Una combinaci\u00f3n \u00fanica de soporte h\u00edbrido\/soporte de pared y soporte de TV de ajuste universal garantizan que CANVAS pueda adaptarse a las necesidades de su televisor no s\u00f3lo ahora, sino tambi\u00e9n en el futuro. Independientemente de si desea cambiar el modelo o el tama\u00f1o de su televisor, CANVAS puede adaptarse. Y si desea una expresi\u00f3n completamente nueva para el sal\u00f3n, el frontal puede cambiarse en cualquier momento a la expresi\u00f3n que m\u00e1s le convenga.<\/p>\n\t\t\t\t\t\t\t<a href=\"\/es\/products\/\" class=\"le_btn le_btn_trans_b\">Explorar CANVAS HiFi<\/a>\n\t\t\t\t\t\t\t\t\t<\/div>\n\t\t\t<div class=\"le_textmedia_last medie-left round\">\n\t\t\t\t\t\t\t\t\t<img decoding=\"async\" src=\"https:\/\/6kutttnx.photoncache.com\/wp-content\/uploads\/sites\/5\/2024\/09\/placeholder1.jpg\" alt=\"\" \/>\n\t\t\t\t\t\t\t<\/div>\n\t\t<\/div>\n\t\t<\/div>\n\t<\/section>\n\t\n\n\t<section class=\"ct-section\">\n\t\t<style>\n\t\t@media (min-width:992px) {\n\t\t\t#le_textmedia_wrapper-block_49e6d4581017973bad61f2b3ebd4c439 .le_textmedia_last {\n\t\t\t\tgrid-column: span 6;\n\t\t\t\tdisplay:flex;\n\t\t\t\talign-items:center;\n\t\t\t}\n\t\t\t#le_textmedia_wrapper-block_49e6d4581017973bad61f2b3ebd4c439 .le_textmedia_first {\n\t\t\t\tgrid-column: span 6;\n\t\t\t}\n\t\t}\n\t<\/style>\n\t\t<div class=\"ct-section-inner-wrap\">\n\t\t<div id=\"le_textmedia_wrapper-block_49e6d4581017973bad61f2b3ebd4c439\" class=\"le_section le_textmedia le_textmedia-video\">\n\t\t\t<div class=\"le_textmedia_first\">\n\t\t\t\t\t<h3>Se adapta perfectamente a su televisor<\/h3>\n<p>Disponible en varios tama\u00f1os: 55\", 65\", 75\", 77\", 83\" y 85\". CANVAS presenta una integraci\u00f3n perfecta y sofisticada con su televisor. Eleve su entretenimiento dom\u00e9stico a nuevas cotas con CANVAS.<\/p>\n\t\t\t\t\t\t\t<a href=\"\/es\/products\/\" class=\"le_btn le_btn_trans_b\">Explorar CANVAS HiFi<\/a>\n\t\t\t\t\t\t\t\t\t<\/div>\n\t\t\t<div class=\"le_textmedia_last medie-right round\">\n\t\t\t\t\t\t\t\t\t<div class=\"le_videogrid autoplay muted playsinline loop\">\n\t\t\t\t\t\t<div class=\"le_videogrid_video_outer\" data-video=\"v13fc00c3\">\n\t\t\t\t\t\t\t<video class=\"plyr videogrid_video\" data-poster=\"\" autoplay muted playsinline loop controlslist=\"nodownload noplaybackrate nopictureinpicture\" disablepictureinpicture preload=\"none\">\n\t\t\t\t\t\t\t\t<source src=\"https:\/\/6kutttnx.photoncache.com\/wp-content\/uploads\/sites\/5\/2024\/09\/344c13485922490ea47d129b0e59ef9e.HD-1080p-7.2Mbps-17943780-3.mp4\" type=\"video\/mp4\">\n\t\t\t\t\t\t\t<\/video>\n\t\t\t\t\t\t<\/div>\n\t\t\t\t\t<\/div>\n\t\t\t\t\t\t\t<\/div>\n\t\t<\/div>\n\t\t<\/div>\n\t<\/section>\n\t\n\n\t<section class=\"ct-section\">\n\t\t<style>\n\t\t@media (min-width:992px) {\n\t\t\t#le_textmedia_wrapper-block_55aaa1f2984f395136388a7ad19c5869 .le_textmedia_last {\n\t\t\t\tgrid-column: span 6;\n\t\t\t\tdisplay:flex;\n\t\t\t\talign-items:center;\n\t\t\t}\n\t\t\t#le_textmedia_wrapper-block_55aaa1f2984f395136388a7ad19c5869 .le_textmedia_first {\n\t\t\t\tgrid-column: span 6;\n\t\t\t}\n\t\t}\n\t<\/style>\n\t\t<div class=\"ct-section-inner-wrap\">\n\t\t<div id=\"le_textmedia_wrapper-block_55aaa1f2984f395136388a7ad19c5869\" class=\"le_section le_textmedia le_textmedia-img\">\n\t\t\t<div class=\"le_textmedia_first\">\n\t\t\t\t\t<h3>Explore CANVAS en su sal\u00f3n<\/h3>\n<p>\u00bfSe enfrenta actualmente al reto de seleccionar el color y el tama\u00f1o \u00f3ptimos del frontal de su CANVAS HiFi?<\/p>\n<p>Le presentamos una soluci\u00f3n sencilla pero eficaz para eliminar sin esfuerzo las conjeturas. Mediante el uso innovador de la Realidad Aumentada (RA), imagina y personaliza la combinaci\u00f3n perfecta para tu hogar. Sum\u00e9rjase en una experiencia virtual que le ofrece una vista previa clara y segura de c\u00f3mo CANVAS HiFi se integra a la perfecci\u00f3n en su espacio vital.<\/p>\n\t\t\t\t\t\t\t<a href=\"\/es\/visualize-canvas\/\" class=\"le_btn le_btn_trans_b\">Haga clic para visualizar<\/a>\n\t\t\t\t\t\t\t\t\t<\/div>\n\t\t\t<div class=\"le_textmedia_last medie-left round\">\n\t\t\t\t\t\t\t\t\t<img decoding=\"async\" src=\"https:\/\/6kutttnx.photoncache.com\/wp-content\/uploads\/sites\/5\/2024\/09\/AR_visualisering1-1024x683.jpg\" alt=\"\" \/>\n\t\t\t\t\t\t\t<\/div>\n\t\t<\/div>\n\t\t<\/div>\n\t<\/section>","protected":false},"excerpt":{"rendered":"","protected":false},"author":1,"featured_media":0,"parent":0,"menu_order":0,"comment_status":"closed","ping_status":"closed","template":"","meta":{"_acf_changed":false,"footnotes":""},"class_list":["post-586","page","type-page","status-publish","hentry"],"acf":[],"_links":{"self":[{"href":"https:\/\/canvashifi.com\/es\/wp-json\/wp\/v2\/pages\/586","targetHints":{"allow":["GET"]}}],"collection":[{"href":"https:\/\/canvashifi.com\/es\/wp-json\/wp\/v2\/pages"}],"about":[{"href":"https:\/\/canvashifi.com\/es\/wp-json\/wp\/v2\/types\/page"}],"author":[{"embeddable":true,"href":"https:\/\/canvashifi.com\/es\/wp-json\/wp\/v2\/users\/1"}],"replies":[{"embeddable":true,"href":"https:\/\/canvashifi.com\/es\/wp-json\/wp\/v2\/comments?post=586"}],"version-history":[{"count":0,"href":"https:\/\/canvashifi.com\/es\/wp-json\/wp\/v2\/pages\/586\/revisions"}],"wp:attachment":[{"href":"https:\/\/canvashifi.com\/es\/wp-json\/wp\/v2\/media?parent=586"}],"curies":[{"name":"wp","href":"https:\/\/api.w.org\/{rel}","templated":true}]}}