{"id":586,"date":"2024-09-03T15:47:20","date_gmt":"2024-09-03T13:47:20","guid":{"rendered":"https:\/\/lbs.dk\/cnvshf\/?page_id=586"},"modified":"2026-03-02T12:03:57","modified_gmt":"2026-03-02T11:03:57","slug":"designers","status":"publish","type":"page","link":"https:\/\/canvashifi.com\/se\/designers\/","title":{"rendered":"Design"},"content":{"rendered":"<section class=\"ct-section\">\n\t\t<style>\n\t\t@media (min-width:992px) {\n\t\t\t#le_textmedia_wrapper-block_361e17c15b13ffa41da32310043012b0 .le_textmedia_last {\n\t\t\t\tgrid-column: span 6;\n\t\t\t\tdisplay:flex;\n\t\t\t\talign-items:center;\n\t\t\t}\n\t\t\t#le_textmedia_wrapper-block_361e17c15b13ffa41da32310043012b0 .le_textmedia_first {\n\t\t\t\tgrid-column: span 6;\n\t\t\t}\n\t\t}\n\t<\/style>\n\t\t<div class=\"ct-section-inner-wrap\">\n\t\t<div id=\"le_textmedia_wrapper-block_361e17c15b13ffa41da32310043012b0\" class=\"le_section le_textmedia le_textmedia-img\">\n\t\t\t<div class=\"le_textmedia_first\">\n\t\t\t\t\t<h3>Dansk design<\/h3>\n<p>Grunnideen bak CANVAS design er \u00e5 skape en harmonisk og funksjonell stue som hyller enkelhet, naturlige elementer og minimalisme uten \u00e5 g\u00e5 p\u00e5 kompromiss med lyden. Denne designfilosofien legger vekt p\u00e5 rene linjer, en n\u00f8ytral fargepalett og bruk av naturlige materialer som tre og naturinspirerte tekstiler.<\/p>\n<p>Det nordisk-inspirerte uttrykket prioriterer ogs\u00e5 funksjonalitet og praktisk, med fokus p\u00e5 \u00e5 skape komfortable og koselige atmosf\u00e6rer som omfavner begrepet 'hygge'.\" Samlet tilstreber nordisk design \u00e5 balansere estetikk med funksjonalitet samtidig som det fremmer en f\u00f8lelse av ro og velv\u00e6re. i hjemmet.<\/p>\n<p>Etter at v\u00e5rt team av lydnerder hadde skapt den perfekte lyden, fikk et team av interi\u00f8rgeeks i oppdrag \u00e5 designe de perfekte rammene basert p\u00e5 klassisk dansk design.<\/p>\n\t\t\t<\/div>\n\t\t\t<div class=\"le_textmedia_last medie-left round\">\n\t\t\t\t\t\t\t\t\t<img decoding=\"async\" src=\"https:\/\/6kutttnx.photoncache.com\/wp-content\/uploads\/sites\/5\/2024\/09\/designcanvas21-1024x1024.jpg\" alt=\"\" \/>\n\t\t\t\t\t\t\t<\/div>\n\t\t<\/div>\n\t\t<\/div>\n\t<\/section>\n\t\n\n\t<section class=\"ct-section\">\n\t\t<style>\n\t\t@media (min-width:992px) {\n\t\t\t#le_textmedia_wrapper-block_f611a1fc5ea450653978c281940316d6 .le_textmedia_last {\n\t\t\t\tgrid-column: span 6;\n\t\t\t\tdisplay:flex;\n\t\t\t\talign-items:center;\n\t\t\t}\n\t\t\t#le_textmedia_wrapper-block_f611a1fc5ea450653978c281940316d6 .le_textmedia_first {\n\t\t\t\tgrid-column: span 6;\n\t\t\t}\n\t\t}\n\t<\/style>\n\t\t<div class=\"ct-section-inner-wrap\">\n\t\t<div id=\"le_textmedia_wrapper-block_f611a1fc5ea450653978c281940316d6\" class=\"le_section le_textmedia le_textmedia-img\">\n\t\t\t<div class=\"le_textmedia_first\">\n\t\t\t\t\t<h3>Anne Fabricius M\u00f8ller<\/h3>\n<p>Annes ekstraordin\u00e6re talent har blitt anerkjent over hele verden. Hun er et respektert medlem av Octo Gruppe og stiller ut sine arbeider p\u00e5 utstillinger over hele verden. Kunsten hennes finnes blant annet p\u00e5 det danske kunst- og designmuseet og p\u00e5 det prestisjetunge Drud &amp; K\u00f8ppe Gallery i K\u00f8benhavn.<\/p>\n<p>Priser, som Biennaleprisen, og stipender, blant annet fra det danske Statens Kunstfond, hyller Annes eksepsjonelle evner. Hennes innflytelse strekker seg utover ros - den er innebygd i disse prestisjetunge anerkjennelsene.<\/p>\n<p>Annes innflytelse er ikke begrenset til gallerier; det er en permanent del av kunstneriske institusjoner. Reisen hennes gjenspeiler en urokkelig dedikasjon og har satt et uutslettelig preg p\u00e5 den internasjonale kunstscenen.<\/p>\n\t\t\t<\/div>\n\t\t\t<div class=\"le_textmedia_last medie-right round\">\n\t\t\t\t\t\t\t\t\t<img decoding=\"async\" src=\"https:\/\/6kutttnx.photoncache.com\/wp-content\/uploads\/sites\/5\/2024\/09\/anne1500x15001.jpg\" alt=\"\" \/>\n\t\t\t\t\t\t\t<\/div>\n\t\t<\/div>\n\t\t<\/div>\n\t<\/section>\n\t\n\n\t<section class=\"ct-section\">\n\t\t<style>\n\t\t@media (min-width:992px) {\n\t\t\t#le_textmedia_wrapper-block_34b8bf1290c6326f3d97560581d23e10 .le_textmedia_last {\n\t\t\t\tgrid-column: span 6;\n\t\t\t\tdisplay:flex;\n\t\t\t\talign-items:center;\n\t\t\t}\n\t\t\t#le_textmedia_wrapper-block_34b8bf1290c6326f3d97560581d23e10 .le_textmedia_first {\n\t\t\t\tgrid-column: span 6;\n\t\t\t}\n\t\t}\n\t<\/style>\n\t\t<div class=\"ct-section-inner-wrap\">\n\t\t<div id=\"le_textmedia_wrapper-block_34b8bf1290c6326f3d97560581d23e10\" class=\"le_section le_textmedia le_textmedia-img\">\n\t\t\t<div class=\"le_textmedia_first\">\n\t\t\t\t\t<h3>Design av Anne<\/h3>\n<p>Anne Fabricius M\u00f8ller, kjent for sine fantastiske tekstildesign, bruker sin kreative teft i CANVAS HiFis h\u00f8yttalere, og tilf\u00f8rer lytteopplevelsen en visuell sjarm.\u00a0<a title=\"https:\/\/www.canvashifi.com\/products\/canvas-65?variant=47041698464052\" href=\"\/se\/product\/canvas-65-burnt-umber\/\">Burnt Umber<\/a>,\u00a0<a title=\"https:\/\/www.canvashifi.com\/products\/canvas-65?variant=47041698398516\" href=\"\/se\/product\/canvas-65-light-green\/\">Light Green<\/a>,\u00a0<a title=\"https:\/\/www.canvashifi.com\/products\/canvas-65?variant=47041698496820\" href=\"\/se\/product\/canvas-65-organic-green\/\">Organic Green<\/a>\u00a0, alle laget av Kvadrat, gjenspeiler hennes unike touch og blander s\u00f8ml\u00f8st stil og funksjonalitet.<\/p>\n<p>Disse h\u00f8yttalerne handler ikke bare om lyd; de er et lerret for Annes kunstnerskap. Mens du lytter, skaper designene hennes en visuelt tiltalende atmosf\u00e6re som forsterker hvert lytte\u00f8yeblikk. Det er en enkel, men perfekt blanding av kunst og funksjon som endrer m\u00e5ten vi liker musikk p\u00e5.<\/p>\n<p>Anne Fabricius M\u00f8llers samarbeid med CANVAS HiFi er en hyllest til enkelhet og kreativitet. Hver farge og m\u00f8nster forteller en beskjeden, men sjarmerende historie som forsterker b\u00e5de h\u00f8yttalerne og lyttegleden. Gj\u00f8r deg klar for magien med lyd og design!<\/p>\n\t\t\t\t\t\t\t<a href=\"\/se\/products\/\" class=\"le_btn le_btn_trans_b\">Utforsk frontdesignene v\u00e5re<\/a>\n\t\t\t\t\t\t\t\t\t<\/div>\n\t\t\t<div class=\"le_textmedia_last medie-left round\">\n\t\t\t\t\t\t\t\t\t<img decoding=\"async\" src=\"https:\/\/6kutttnx.photoncache.com\/wp-content\/uploads\/sites\/5\/2024\/09\/annefront21-1024x1024.jpg\" alt=\"\" \/>\n\t\t\t\t\t\t\t<\/div>\n\t\t<\/div>\n\t\t<\/div>\n\t<\/section>\n\t\n\n\t<section class=\"ct-section\">\n\t\t<style>\n\t\t@media (min-width:992px) {\n\t\t\t#le_textmedia_wrapper-block_c395bd499e61482547a650fc4a41f34e .le_textmedia_last {\n\t\t\t\tgrid-column: span 6;\n\t\t\t\tdisplay:flex;\n\t\t\t\talign-items:center;\n\t\t\t}\n\t\t\t#le_textmedia_wrapper-block_c395bd499e61482547a650fc4a41f34e .le_textmedia_first {\n\t\t\t\tgrid-column: span 6;\n\t\t\t}\n\t\t}\n\t<\/style>\n\t\t<div class=\"ct-section-inner-wrap\">\n\t\t<div id=\"le_textmedia_wrapper-block_c395bd499e61482547a650fc4a41f34e\" class=\"le_section le_textmedia le_textmedia-img\">\n\t\t\t<div class=\"le_textmedia_first\">\n\t\t\t\t\t<h3>Cristian Zuzunaga<\/h3>\n<p>Cristian Zuzunagas designeventyr begynte med studier i typografi og grafisk design ved London College of Communication og Royal College of Art i London. I dag beveger han seg mellom de pulserende kulturscenene i Barcelona og London, og finner inspirasjon i det moderne livets intrikate nett og de arkitektoniske harmoniene i globale byer.<\/p>\n<p>I en v\u00e4rld d\u00e4r gr\u00e4nser f\u00f6rsvinner och kreativiteten inte k\u00e4nner n\u00e5gra gr\u00e4nser tar Cristian Zuzunaga en ledande roll och blandar s\u00f6ml\u00f6st konst, mode och design till en kreativ blandning. Denna fusion omformar inte bara hur vi ser saker utan ocks\u00e5 hur vi k\u00e4nner och r\u00f6r vid dem, vilket omdefinierar v\u00e5r tids essens.<\/p>\n<p>Zuzunagas kreativa resa speglar ebb och flod mellan dessa tv\u00e5 st\u00e4der och f\u00e5ngar och \u00e5terspeglar den unika andan i var och en av dem. I en v\u00e4rld som utvecklas bortom alla begr\u00e4nsningar st\u00e5r Zuzunagas kreativa f\u00f6rm\u00e5ga h\u00f6gt och f\u00f6rkroppsligar den moderna kreativitetens oh\u00e4mmade anda.<\/p>\n\t\t\t<\/div>\n\t\t\t<div class=\"le_textmedia_last medie-right round\">\n\t\t\t\t\t\t\t\t\t<img decoding=\"async\" src=\"https:\/\/6kutttnx.photoncache.com\/wp-content\/uploads\/sites\/5\/2024\/09\/christian1500x15001-1024x1024.jpg\" alt=\"\" \/>\n\t\t\t\t\t\t\t<\/div>\n\t\t<\/div>\n\t\t<\/div>\n\t<\/section>\n\t\n\n\t<section class=\"ct-section\">\n\t\t<style>\n\t\t@media (min-width:992px) {\n\t\t\t#le_textmedia_wrapper-block_1feb7b34d007ab7a1a49f756736ecd2e .le_textmedia_last {\n\t\t\t\tgrid-column: span 6;\n\t\t\t\tdisplay:flex;\n\t\t\t\talign-items:center;\n\t\t\t}\n\t\t\t#le_textmedia_wrapper-block_1feb7b34d007ab7a1a49f756736ecd2e .le_textmedia_first {\n\t\t\t\tgrid-column: span 6;\n\t\t\t}\n\t\t}\n\t<\/style>\n\t\t<div class=\"ct-section-inner-wrap\">\n\t\t<div id=\"le_textmedia_wrapper-block_1feb7b34d007ab7a1a49f756736ecd2e\" class=\"le_section le_textmedia le_textmedia-img\">\n\t\t\t<div class=\"le_textmedia_first\">\n\t\t\t\t\t<h3>Design av Zuzunaga<\/h3>\n<p>Genom att v\u00e4lja fr\u00e5n Cristian's breda utbud av textildesign har du m\u00f6jlighet att skr\u00e4ddarsy ditt CANVAS HiFi och skapa ett uttryck som perfekt kompletterar din personliga stil och inredning. Oavsett om det \u00e4r den sl\u00e5ende\u00a0<a title=\"https:\/\/www.canvashifi.com\/products\/canvas-65?variant=47041698300212\" href=\"\/se\/product\/canvas-65-structure-grey\/\">Structure Grey<\/a>, de inbjudande tonerna av\u00a0<a title=\"https:\/\/www.canvashifi.com\/products\/canvas-65?variant=47041698365748\" href=\"\/se\/product\/canvas-65-ocean-grey\/\">Ocean Grey<\/a>,\u00a0<a title=\"https:\/\/www.canvashifi.com\/products\/canvas-65?variant=47041698332980\" href=\"\/se\/product\/canvas-65-dark-blue\/\">Dark Blue<\/a>,\u00a0<a title=\"https:\/\/www.canvashifi.com\/products\/canvas-65?variant=47041698431284\" href=\"\/se\/product\/canvas-65-umber\/\">Umber<\/a>\u00a0eller den lugna\u00a0<a title=\"https:\/\/www.canvashifi.com\/products\/canvas-65?variant=47041698529588\" href=\"\/se\/product\/canvas-65-milled-ochre\/\">Milled Ochre<\/a>, ger varje design, omsorgsfullt utformad av Cristian Zuzunaga och producerad av Kvadrat, en distinkt touch till ditt utrymme. F\u00f6rvandla din CANVAS till ett personligt m\u00e4sterverk som inte bara f\u00e4ngslar visuellt utan ocks\u00e5 enkelt sm\u00e4lter in i din specifika smak och heminredning och skapar en harmonisk atmosf\u00e4r.<\/p>\n<p>Utforska konsten att anpassa och l\u00e5t din CANVAS bli ett statement piece - ett bevis p\u00e5 din individualitet inom design och personligt uttryck.<\/p>\n\t\t\t\t\t\t\t<a href=\"\/se\/products\/\" class=\"le_btn le_btn_trans_b\">Utforsk frontdesignene v\u00e5re<\/a>\n\t\t\t\t\t\t\t\t\t<\/div>\n\t\t\t<div class=\"le_textmedia_last medie-left round\">\n\t\t\t\t\t\t\t\t\t<img decoding=\"async\" src=\"https:\/\/6kutttnx.photoncache.com\/wp-content\/uploads\/sites\/5\/2024\/09\/christianfronte1-1024x1024.jpg\" alt=\"\" \/>\n\t\t\t\t\t\t\t<\/div>\n\t\t<\/div>\n\t\t<\/div>\n\t<\/section>\n\t\n\n\t<section class=\"ct-section\">\n\t\t<style>\n\t\t@media (min-width:992px) {\n\t\t\t#le_textmedia_wrapper-block_437cc71a19157c85c87648fdeda838b6 .le_textmedia_last {\n\t\t\t\tgrid-column: span 6;\n\t\t\t\tdisplay:flex;\n\t\t\t\talign-items:center;\n\t\t\t}\n\t\t\t#le_textmedia_wrapper-block_437cc71a19157c85c87648fdeda838b6 .le_textmedia_first {\n\t\t\t\tgrid-column: span 6;\n\t\t\t}\n\t\t}\n\t<\/style>\n\t\t<div class=\"ct-section-inner-wrap\">\n\t\t<div id=\"le_textmedia_wrapper-block_437cc71a19157c85c87648fdeda838b6\" class=\"le_section le_textmedia le_textmedia-img\">\n\t\t\t<div class=\"le_textmedia_first\">\n\t\t\t\t\t<h3>Susanne Helberg<\/h3>\n<p>I sin roll som inredningsarkitekt har Susanne under m\u00e5nga \u00e5r arbetat med n\u00e4stan alla danska designklassiker inom m\u00f6belkonsten. Med sin omfattande erfarenhet har hon spelat en avg\u00f6rande roll i utformningen av den slutliga designen av CANVAS. Detta omfattar invecklade detaljer i form, materialval, f\u00e4rgvarianter och praktisk funktionalitet, vilket kulminerar i en unik l\u00f6sning som har omdefinierat integrationen av \u00e4kta Hi-Fi-ljud inom ramen f\u00f6r god inredningsdesign.<\/p>\n<p>Resultatet har varit s\u00e5 framg\u00e5ngsrikt att id\u00e9n om att f\u00f6rse ett hem med \u00e4kta Hi-Fi av h\u00f6g kvalitet har g\u00e5tt fr\u00e5n att vara en visuell n\u00f6dv\u00e4ndighet till att bli ett transformativt element som verkligen f\u00f6rb\u00e4ttrar den \u00f6vergripande estetiken. Susannes expertis har inte bara f\u00f6rh\u00f6jt den auditiva upplevelsen utan ocks\u00e5 s\u00f6ml\u00f6st integrerat den i den visuella tapeten av inredningsdesign, vilket visar hur noggranna designval kan revolutionera m\u00f6tet mellan teknik och estetik.<\/p>\n\t\t\t<\/div>\n\t\t\t<div class=\"le_textmedia_last medie-right round\">\n\t\t\t\t\t\t\t\t\t<img decoding=\"async\" src=\"https:\/\/6kutttnx.photoncache.com\/wp-content\/uploads\/sites\/5\/2024\/09\/Susanne1500x15001-1024x1024.jpg\" alt=\"\" \/>\n\t\t\t\t\t\t\t<\/div>\n\t\t<\/div>\n\t\t<\/div>\n\t<\/section>\n\t\n\n\t<section class=\"ct-section\">\n\t\t<style>\n\t\t@media (min-width:992px) {\n\t\t\t#le_textmedia_wrapper-block_273a3f72e9a02ee3da9e3be3946d892c .le_textmedia_last {\n\t\t\t\tgrid-column: span 6;\n\t\t\t\tdisplay:flex;\n\t\t\t\talign-items:center;\n\t\t\t}\n\t\t\t#le_textmedia_wrapper-block_273a3f72e9a02ee3da9e3be3946d892c .le_textmedia_first {\n\t\t\t\tgrid-column: span 6;\n\t\t\t}\n\t\t}\n\t<\/style>\n\t\t<div class=\"ct-section-inner-wrap\">\n\t\t<div id=\"le_textmedia_wrapper-block_273a3f72e9a02ee3da9e3be3946d892c\" class=\"le_section le_textmedia le_textmedia-img\">\n\t\t\t<div class=\"le_textmedia_first\">\n\t\t\t\t\t<h3>Design av Helberg<\/h3>\n<p>Omsorgsfullt utvalda material, bland annat fr\u00e5n det ansedda danska textilm\u00e4rket Kvadrat, och tr\u00e4fronter tillverkade av lokala danska hantverkare, definierar k\u00e4rnan i CANVAS. Den varierande f\u00e4rgpaletten, med\u00a0<a title=\"https:\/\/www.canvashifi.com\/products\/canvas-65?variant=47041698562356\" href=\"\/se\/product\/canvas-65-light-oak\/\">Light Oak<\/a>,\u00a0<a title=\"https:\/\/www.canvashifi.com\/products\/canvas-65?variant=47302688014644\" href=\"\/se\/product\/canvas-65-walnut\/\">Walnut<\/a>\u00a0och\u00a0<a title=\"https:\/\/www.canvashifi.com\/products\/canvas-65?variant=47041698595124\" href=\"\/se\/product\/canvas-65-mahogany\/\">Mahogany<\/a>, \u00e5terspeglar Susanne Helbergs omsorgsfulla design. Detta genomt\u00e4nkta tillv\u00e4gag\u00e5ngss\u00e4tt s\u00e4kerst\u00e4ller inte bara en s\u00f6ml\u00f6s integration i din nuvarande inredning utan ger ocks\u00e5 flexibilitet att f\u00f6r\u00e4ndra estetiken om du best\u00e4mmer dig f\u00f6r att \u00e4ndra stil.<\/p>\n<p>Samarbetet med Kvadrat inneb\u00e4r ett engagemang f\u00f6r kvalitet och en blinkning till danskt hantverk. Genom att involvera lokala hantverkare f\u00e5r varje produkt en touch av autenticitet och CANVAS blir inte bara en h\u00f6gtalare utan en harmonisk blandning av design och konstn\u00e4rskap. Omfamna m\u00e5ngsidigheten i f\u00e4rg och material, i vetskap om att din CANVAS inte bara \u00e4r en \u00e5terspegling av din nuvarande stil utan ocks\u00e5 en duk f\u00f6r framtida omvandlingar, s\u00e5 att ditt utrymme kan utvecklas med dina designpreferenser \u00f6ver tid.<\/p>\n\t\t\t\t\t\t\t<a href=\"\/se\/products\/\" class=\"le_btn le_btn_trans_b\">Utforsk frontdesignene v\u00e5re<\/a>\n\t\t\t\t\t\t\t\t\t<\/div>\n\t\t\t<div class=\"le_textmedia_last medie-left round\">\n\t\t\t\t\t\t\t\t\t<img decoding=\"async\" src=\"https:\/\/6kutttnx.photoncache.com\/wp-content\/uploads\/sites\/5\/2024\/09\/egwrhtjehwr1.jpg\" alt=\"\" \/>\n\t\t\t\t\t\t\t<\/div>\n\t\t<\/div>\n\t\t<\/div>\n\t<\/section>\n\t\n\n\t<section class=\"ct-section\">\n\t\t<style>\n\t\t@media (min-width:992px) {\n\t\t\t#le_textmedia_wrapper-block_c29818436f363617da343da98e460634 .le_textmedia_last {\n\t\t\t\tgrid-column: span 6;\n\t\t\t\tdisplay:flex;\n\t\t\t\talign-items:center;\n\t\t\t}\n\t\t\t#le_textmedia_wrapper-block_c29818436f363617da343da98e460634 .le_textmedia_first {\n\t\t\t\tgrid-column: span 6;\n\t\t\t}\n\t\t}\n\t<\/style>\n\t\t<div class=\"ct-section-inner-wrap\">\n\t\t<div id=\"le_textmedia_wrapper-block_c29818436f363617da343da98e460634\" class=\"le_section le_textmedia le_textmedia-video\">\n\t\t\t<div class=\"le_textmedia_first\">\n\t\t\t\t\t<h3>\u00c4ven vacker bakifr\u00e5n<\/h3>\n<p>Det universella TV-f\u00e4stet CANVAS \u00e4r sinnebilden f\u00f6r elegant och praktisk design. S\u00e4g adj\u00f6 till den fula r\u00f6ran av l\u00e5dor och sladdar som ofta pl\u00e5gar underh\u00e5llningsanl\u00e4ggningar.<\/p>\n<p>Den h\u00e4r innovativa konsolen har ett dolt utrymme som \u00e4r smart integrerat bakom sk\u00e4rmen och ger en diskret l\u00f6sning f\u00f6r f\u00f6rvaring av elektronik, kablar och uttag. Du beh\u00f6ver inte l\u00e4ngre tolerera kaoset med trassliga sladdar eller r\u00f6riga utrymmen bakom din TV.<\/p>\n<p>Med CANVAS f\u00e5r du ett underh\u00e5llningssystem som utstr\u00e5lar elegans och ordning. Omfamna en s\u00f6ml\u00f6s visningsupplevelse utan att kompromissa med estetiken. F\u00f6rvandla ditt vardagsrum till en oas av enkelhet och sofistikering med det universella TV-f\u00e4stet CANVAS - f\u00f6r vem skulle inte uppskatta en r\u00f6rfri milj\u00f6? F\u00f6rh\u00f6j din hemunderh\u00e5llning med denna genomt\u00e4nkt designade l\u00f6sning, d\u00e4r form m\u00f6ter funktion utan anstr\u00e4ngning.<\/p>\n\t\t\t\t\t\t\t<a href=\"\/se\/products\/\" class=\"le_btn le_btn_trans_b\">Utforska CANVAS HiFi<\/a>\n\t\t\t\t\t\t\t\t\t<\/div>\n\t\t\t<div class=\"le_textmedia_last medie-right round\">\n\t\t\t\t\t\t\t\t\t<div class=\"le_videogrid autoplay muted playsinline loop\">\n\t\t\t\t\t\t<div class=\"le_videogrid_video_outer\" data-video=\"v4ed0df65\">\n\t\t\t\t\t\t\t<video class=\"plyr videogrid_video\" data-poster=\"\" autoplay muted playsinline loop controlslist=\"nodownload noplaybackrate nopictureinpicture\" disablepictureinpicture preload=\"none\">\n\t\t\t\t\t\t\t\t<source src=\"https:\/\/6kutttnx.photoncache.com\/wp-content\/uploads\/sites\/5\/2024\/09\/75105554c3c946a4bf9a719932d967d1.HD-1080p-4.8Mbps-22498370.mp4\" type=\"video\/mp4\">\n\t\t\t\t\t\t\t<\/video>\n\t\t\t\t\t\t<\/div>\n\t\t\t\t\t<\/div>\n\t\t\t\t\t\t\t<\/div>\n\t\t<\/div>\n\t\t<\/div>\n\t<\/section>\n\t\n\n\t<section class=\"ct-section\">\n\t\t<style>\n\t\t@media (min-width:992px) {\n\t\t\t#le_textmedia_wrapper-block_06102a06c3a69f9402f90b63fc85fb9f .le_textmedia_last {\n\t\t\t\tgrid-column: span 6;\n\t\t\t\tdisplay:flex;\n\t\t\t\talign-items:center;\n\t\t\t}\n\t\t\t#le_textmedia_wrapper-block_06102a06c3a69f9402f90b63fc85fb9f .le_textmedia_first {\n\t\t\t\tgrid-column: span 6;\n\t\t\t}\n\t\t}\n\t<\/style>\n\t\t<div class=\"ct-section-inner-wrap\">\n\t\t<div id=\"le_textmedia_wrapper-block_06102a06c3a69f9402f90b63fc85fb9f\" class=\"le_section le_textmedia le_textmedia-img\">\n\t\t\t<div class=\"le_textmedia_first\">\n\t\t\t\t\t<h3>Framtidss\u00e4krad design<\/h3>\n<p>En unik kombination av hybridstativ\/v\u00e4ggf\u00e4ste och universellt justerbart TV-f\u00e4ste g\u00f6r att CANVAS kan anpassas till dina TV-behov, inte bara nu utan \u00e4ven i framtiden. Oavsett om du vill byta modell eller storlek p\u00e5 din TV kan CANVAS anpassas. Och om du vill ha ett helt nytt uttryck f\u00f6r vardagsrummet kan fronten n\u00e4r som helst bytas ut till just det uttryck som passar dig.<\/p>\n\t\t\t\t\t\t\t<a href=\"\/se\/products\/\" class=\"le_btn le_btn_trans_b\">Utforska CANVAS HiFi<\/a>\n\t\t\t\t\t\t\t\t\t<\/div>\n\t\t\t<div class=\"le_textmedia_last medie-left round\">\n\t\t\t\t\t\t\t\t\t<img decoding=\"async\" src=\"https:\/\/6kutttnx.photoncache.com\/wp-content\/uploads\/sites\/5\/2024\/09\/placeholder1.jpg\" alt=\"\" \/>\n\t\t\t\t\t\t\t<\/div>\n\t\t<\/div>\n\t\t<\/div>\n\t<\/section>\n\t\n\n\t<section class=\"ct-section\">\n\t\t<style>\n\t\t@media (min-width:992px) {\n\t\t\t#le_textmedia_wrapper-block_49e6d4581017973bad61f2b3ebd4c439 .le_textmedia_last {\n\t\t\t\tgrid-column: span 6;\n\t\t\t\tdisplay:flex;\n\t\t\t\talign-items:center;\n\t\t\t}\n\t\t\t#le_textmedia_wrapper-block_49e6d4581017973bad61f2b3ebd4c439 .le_textmedia_first {\n\t\t\t\tgrid-column: span 6;\n\t\t\t}\n\t\t}\n\t<\/style>\n\t\t<div class=\"ct-section-inner-wrap\">\n\t\t<div id=\"le_textmedia_wrapper-block_49e6d4581017973bad61f2b3ebd4c439\" class=\"le_section le_textmedia le_textmedia-video\">\n\t\t\t<div class=\"le_textmedia_first\">\n\t\t\t\t\t<h3>Passar perfekt f\u00f6r din TV<\/h3>\n<p>Available in multiple sizes, including 55\", 65\", 75\", 77\", 83\" and 85\". CANVAS presents a seamless and sophisticated integration with your television. Elevate your home entertainment to new heights with CANVAS.<\/p>\n\t\t\t\t\t\t\t<a href=\"\/se\/products\/\" class=\"le_btn le_btn_trans_b\">Utforska CANVAS HiFi<\/a>\n\t\t\t\t\t\t\t\t\t<\/div>\n\t\t\t<div class=\"le_textmedia_last medie-right round\">\n\t\t\t\t\t\t\t\t\t<div class=\"le_videogrid autoplay muted playsinline loop\">\n\t\t\t\t\t\t<div class=\"le_videogrid_video_outer\" data-video=\"v8d4f25c9\">\n\t\t\t\t\t\t\t<video class=\"plyr videogrid_video\" data-poster=\"\" autoplay muted playsinline loop controlslist=\"nodownload noplaybackrate nopictureinpicture\" disablepictureinpicture preload=\"none\">\n\t\t\t\t\t\t\t\t<source src=\"https:\/\/6kutttnx.photoncache.com\/wp-content\/uploads\/sites\/5\/2024\/09\/344c13485922490ea47d129b0e59ef9e.HD-1080p-7.2Mbps-17943780-3.mp4\" type=\"video\/mp4\">\n\t\t\t\t\t\t\t<\/video>\n\t\t\t\t\t\t<\/div>\n\t\t\t\t\t<\/div>\n\t\t\t\t\t\t\t<\/div>\n\t\t<\/div>\n\t\t<\/div>\n\t<\/section>\n\t\n\n\t<section class=\"ct-section\">\n\t\t<style>\n\t\t@media (min-width:992px) {\n\t\t\t#le_textmedia_wrapper-block_55aaa1f2984f395136388a7ad19c5869 .le_textmedia_last {\n\t\t\t\tgrid-column: span 6;\n\t\t\t\tdisplay:flex;\n\t\t\t\talign-items:center;\n\t\t\t}\n\t\t\t#le_textmedia_wrapper-block_55aaa1f2984f395136388a7ad19c5869 .le_textmedia_first {\n\t\t\t\tgrid-column: span 6;\n\t\t\t}\n\t\t}\n\t<\/style>\n\t\t<div class=\"ct-section-inner-wrap\">\n\t\t<div id=\"le_textmedia_wrapper-block_55aaa1f2984f395136388a7ad19c5869\" class=\"le_section le_textmedia le_textmedia-img\">\n\t\t\t<div class=\"le_textmedia_first\">\n\t\t\t\t\t<h3>Utforska CANVAS i ditt vardagsrum<\/h3>\n<p>St\u00e5r du inf\u00f6r utmaningen att v\u00e4lja den optimala frontf\u00e4rgen och storleken f\u00f6r ditt CANVAS HiFi?<\/p>\n<p>Vi presenterar en enkel men effektiv l\u00f6sning som g\u00f6r att du slipper gissa. Genom den innovativa anv\u00e4ndningen av Augmented Reality (AR) kan du f\u00f6rest\u00e4lla dig och skr\u00e4ddarsy den perfekta matchningen f\u00f6r ditt hem. F\u00f6rdjupa dig i en virtuell upplevelse som ger en tydlig och s\u00e4ker f\u00f6rhandsvisning av hur CANVAS HiFi s\u00f6ml\u00f6st integreras i ditt vardagsrum.<\/p>\n\t\t\t\t\t\t\t<a href=\"\/se\/visualize-canvas\/\" class=\"le_btn le_btn_trans_b\">Klicka f\u00f6r att visualisera<\/a>\n\t\t\t\t\t\t\t\t\t<\/div>\n\t\t\t<div class=\"le_textmedia_last medie-left round\">\n\t\t\t\t\t\t\t\t\t<img decoding=\"async\" src=\"https:\/\/6kutttnx.photoncache.com\/wp-content\/uploads\/sites\/5\/2024\/09\/AR_visualisering1-1024x683.jpg\" alt=\"\" \/>\n\t\t\t\t\t\t\t<\/div>\n\t\t<\/div>\n\t\t<\/div>\n\t<\/section>","protected":false},"excerpt":{"rendered":"","protected":false},"author":1,"featured_media":0,"parent":0,"menu_order":0,"comment_status":"closed","ping_status":"closed","template":"","meta":{"_acf_changed":false,"footnotes":""},"class_list":["post-586","page","type-page","status-publish","hentry"],"acf":[],"_links":{"self":[{"href":"https:\/\/canvashifi.com\/se\/wp-json\/wp\/v2\/pages\/586","targetHints":{"allow":["GET"]}}],"collection":[{"href":"https:\/\/canvashifi.com\/se\/wp-json\/wp\/v2\/pages"}],"about":[{"href":"https:\/\/canvashifi.com\/se\/wp-json\/wp\/v2\/types\/page"}],"author":[{"embeddable":true,"href":"https:\/\/canvashifi.com\/se\/wp-json\/wp\/v2\/users\/1"}],"replies":[{"embeddable":true,"href":"https:\/\/canvashifi.com\/se\/wp-json\/wp\/v2\/comments?post=586"}],"version-history":[{"count":0,"href":"https:\/\/canvashifi.com\/se\/wp-json\/wp\/v2\/pages\/586\/revisions"}],"wp:attachment":[{"href":"https:\/\/canvashifi.com\/se\/wp-json\/wp\/v2\/media?parent=586"}],"curies":[{"name":"wp","href":"https:\/\/api.w.org\/{rel}","templated":true}]}}